{"version":"1.0","provider_name":"ge-sagt.de","provider_url":"https:\/\/www.ge-sagt.de","title":"Ge-g\u00e4rtnert: Highlight im April - ge-sagt.de","type":"rich","width":600,"height":338,"html":"<blockquote class=\"wp-embedded-content\" data-secret=\"uaMLGqmd27\"><a href=\"https:\/\/www.ge-sagt.de\/index.php\/ge-gartnert\/\">Ge-g\u00e4rtnert: Highlight im April<\/a><\/blockquote><iframe sandbox=\"allow-scripts\" security=\"restricted\" src=\"https:\/\/www.ge-sagt.de\/index.php\/ge-gartnert\/embed\/#?secret=uaMLGqmd27\" width=\"600\" height=\"338\" title=\"&#8222;Ge-g\u00e4rtnert: Highlight im April&#8220; &#8211; ge-sagt.de\" data-secret=\"uaMLGqmd27\" frameborder=\"0\" marginwidth=\"0\" marginheight=\"0\" scrolling=\"no\" class=\"wp-embedded-content\"><\/iframe><script type=\"text\/javascript\">\n\/* <![CDATA[ *\/\n\/*! This file is auto-generated *\/\n!function(d,l){\"use strict\";l.querySelector&&d.addEventListener&&\"undefined\"!=typeof URL&&(d.wp=d.wp||{},d.wp.receiveEmbedMessage||(d.wp.receiveEmbedMessage=function(e){var t=e.data;if((t||t.secret||t.message||t.value)&&!\/[^a-zA-Z0-9]\/.test(t.secret)){for(var s,r,n,a=l.querySelectorAll('iframe[data-secret=\"'+t.secret+'\"]'),o=l.querySelectorAll('blockquote[data-secret=\"'+t.secret+'\"]'),c=new RegExp(\"^https?:$\",\"i\"),i=0;i<o.length;i++)o[i].style.display=\"none\";for(i=0;i<a.length;i++)s=a[i],e.source===s.contentWindow&&(s.removeAttribute(\"style\"),\"height\"===t.message?(1e3<(r=parseInt(t.value,10))?r=1e3:~~r<200&&(r=200),s.height=r):\"link\"===t.message&&(r=new URL(s.getAttribute(\"src\")),n=new URL(t.value),c.test(n.protocol))&&n.host===r.host&&l.activeElement===s&&(d.top.location.href=t.value))}},d.addEventListener(\"message\",d.wp.receiveEmbedMessage,!1),l.addEventListener(\"DOMContentLoaded\",function(){for(var e,t,s=l.querySelectorAll(\"iframe.wp-embedded-content\"),r=0;r<s.length;r++)(t=(e=s[r]).getAttribute(\"data-secret\"))||(t=Math.random().toString(36).substring(2,12),e.src+=\"#?secret=\"+t,e.setAttribute(\"data-secret\",t)),e.contentWindow.postMessage({message:\"ready\",secret:t},\"*\")},!1)))}(window,document);\n\/\/# sourceURL=https:\/\/www.ge-sagt.de\/wp-includes\/js\/wp-embed.min.js\n\/* ]]> *\/\n<\/script>\n","description":"Ich hatte schon erw\u00e4hnt, dass wir eine kleine gr\u00fcne Oase besitzen. Und da heute ein paar wundervolle Sonnenstrahlen aufgetaucht sind, konnte ich tats\u00e4chlich endlich mal wieder im Garten werkeln. Dieses Jahr ist ja alles unheimlich verz\u00f6gert durch die lange K\u00e4lte, aber nun kommen doch an vielen Stellen die ersten Stauden wieder und unsere Rosen recken [&hellip;]","thumbnail_url":"http:\/\/www.ge-sagt.de\/wp-content\/uploads\/2013\/04\/lenzrose-1.jpg"}